{"id":53,"date":"2023-01-17T16:44:41","date_gmt":"2023-01-17T15:44:41","guid":{"rendered":"https:\/\/consmelbourne.esteri.it\/?page_id=53"},"modified":"2023-01-17T16:49:15","modified_gmt":"2023-01-17T15:49:15","slug":"dal_consolato","status":"publish","type":"page","link":"https:\/\/consmelbourne.esteri.it\/it\/news\/dal_consolato\/","title":{"rendered":"From the Consulate"},"content":{"rendered":"        <div class=\"row\">\n\t\t\t<!-- Ricerca sedi post -->\n\t\t\t<div class=\"col-12 mt-4\">\n\t\t\t  <div class=\"callout callout-highlight note ricerca-esteri p-4\">\n                    <div class=\"callout-title\">\n                        <svg class=\"icon\">\n                            <use xlink:href=\"https:\/\/consmelbourne.esteri.it\/wp-content\/themes\/sedi-tema\/assets\/svg\/sprites.svg#it-search\"><\/use>\n                        <\/svg>Inserisci i parametri di ricerca                    <\/div>\n                    <form id=\"searchFormPost\" name=\"form-search-post\" class=\"form-row align-items-center\" action=\"https:\/\/consmelbourne.esteri.it\/it\/wp-json\/wp\/v2\/pages\/53\/\" method=\"GET\"> \n                        <!-- <div class=\"form-group pt-5\"> -->\n                            <!-- <input type=\"hidden\" id=\"lang\" name=\"lang\" value=\"\"> --> <!-- <\/div> -->\n\n                        <div class=\"it-datepicker-wrapper\">\n                            <div class=\"row\">\n                                <div class=\"form-group col-md-6\">\n                                    <label class=\"active\" for=\"date-init\">Dal<\/label>\n                                    <input class=\"form-control\" name=\"date-init\" id=\"date-init\" type=\"date\" placeholder=\"gg\/mm\/aaaa\" value=\"\"lang=\"en-EN\">  \n                                <\/div>\n                                <div class=\"form-group col-md-6\">\n                                    <label class=\"active\" for=\"date-end\">Al<\/label>\n                                    <input class=\"form-control\" name=\"date-end\" id=\"date-end\" type=\"date\" placeholder=\"gg\/mm\/aaaa\" value=\"\">\n                                <\/div>\n                            <\/div>\n                        <\/div>\n                        <div class=\"form-group col-md-12 mt-3\">\n                            <label for=\"searchText\">Campo ricerca libera<\/label>\n                            <input type=\"text\" name=\"searchText\" class=\"form-control\" id=\"searchText\" value=\"\">\n                        <\/div>\n                        <div class=\"form-group col-md-4 offset-md-8 text-end\">\n                            <a href=\"https:\/\/consmelbourne.esteri.it\/it\/news\/dal_consolato\/\" title=\"Form reset\" id=\"resetImput\" class=\"btn btn-outline-primary btn-xs\">Reset<\/a>\n                            <button type=\"submit\" class=\"btn btn-primary btn-xs\">Mostra risultati<\/button>\n                        <\/div>\n                    <\/form>\n\t\t\t\t<\/div>\n\t\t\t<\/div>\n\t\t<\/div>\n                    \n            <div class=\"row\">\n                            <div class=\"col-12 mt-3\">\n                <!--start card-->\n                <div class=\"card-wrapper card-space\">\n                    <div class=\"card card-bg card-big border-bottom-card\">\n                        <div class=\"card-body \">\n                                                        <div class=\"category-top\">\n                                                                                                            <span class=\"\">\n                                        <svg class=\"icon icon-secondary\">\n                                            <use xlink:href=\"https:\/\/consmelbourne.esteri.it\/wp-content\/themes\/sedi-tema\/assets\/svg\/sprites.svg#it-calendar\"><\/use>\n                                        <\/svg> 22 Aprile 2026                                    <\/span>\n                                                                    <\/div>\n                            <h5 class=\"card-title big-heading text-uppercase\"><a class=\"text-body text-decoration-none\" href=\"https:\/\/consmelbourne.esteri.it\/it\/news\/dal_consolato\/2026\/04\/italia-australia-lambasciatore-lener-in-visita-ufficiale-nello-stato-del-victoria\/\" title=\"ITALIA-AUSTRALIA. L\u2019AMBASCIATORE LENER IN VISITA UFFICIALE NELLO STATO DEL VICTORIA.\">ITALIA-AUSTRALIA. L\u2019AMBASCIATORE LENER IN VISITA UFFICIALE NELLO STATO DEL VICTORIA.<\/a><\/h5>\n                            <p class=\"card-text\">Si \u00e8 conclusa il 31 marzo 2026 la prima visita ufficiale dell\u2019Ambasciatore d\u2019Italia in Australia, Nicola Lener, nello Stato del Victoria. Nel corso della missione, l\u2019Ambasciatore ha incontrato la Governatrice Margaret Gardner e diversi membri del Governo statale, tra cui il Ministro delle Finanze Danny Pearson, la Ministra dell\u2019Energia Lily D\u2019Ambrosio e il Ministro dell\u2019Industria [&hellip;]<\/p>\n                                <a title=\"ITALIA-AUSTRALIA. L\u2019AMBASCIATORE LENER IN VISITA UFFICIALE NELLO STATO DEL VICTORIA.\" class=\"read-more\" href=\"https:\/\/consmelbourne.esteri.it\/it\/news\/dal_consolato\/2026\/04\/italia-australia-lambasciatore-lener-in-visita-ufficiale-nello-stato-del-victoria\/\">\n                                    <span class=\"text\">Leggi di pi\u00f9<\/span>\n                                    <svg class=\"icon\">\n                                    <use xlink:href=\"https:\/\/consmelbourne.esteri.it\/wp-content\/themes\/sedi-tema\/assets\/svg\/sprites.svg#it-arrow-right\"><\/use>\n                                    <\/svg>\n                                <\/a>\n                                                    <\/div>\n                    <\/div>\n                <\/div>\n                <!--end card-->\n                <\/div><!-- col-12 .mt-3-->\n                            <div class=\"col-12 mt-3\">\n                <!--start card-->\n                <div class=\"card-wrapper card-space\">\n                    <div class=\"card card-bg card-big border-bottom-card\">\n                        <div class=\"card-body \">\n                                                        <div class=\"category-top\">\n                                                                                                            <span class=\"\">\n                                        <svg class=\"icon icon-secondary\">\n                                            <use xlink:href=\"https:\/\/consmelbourne.esteri.it\/wp-content\/themes\/sedi-tema\/assets\/svg\/sprites.svg#it-calendar\"><\/use>\n                                        <\/svg> 22 Aprile 2026                                    <\/span>\n                                                                    <\/div>\n                            <h5 class=\"card-title big-heading text-uppercase\"><a class=\"text-body text-decoration-none\" href=\"https:\/\/consmelbourne.esteri.it\/it\/news\/dal_consolato\/2026\/04\/naugurata-al-melbourne-museum-la-mostra-rome-empire-power-people-lantica-roma-protagonista-in-australia\/\" title=\"NAUGURATA AL MELBOURNE MUSEUM LA MOSTRA \u201cROME: EMPIRE, POWER, PEOPLE\u201d: L\u2019ANTICA ROMA PROTAGONISTA IN AUSTRALIA.\">NAUGURATA AL MELBOURNE MUSEUM LA MOSTRA \u201cROME: EMPIRE, POWER, PEOPLE\u201d: L\u2019ANTICA ROMA PROTAGONISTA IN AUSTRALIA.<\/a><\/h5>\n                            <p class=\"card-text\">\u00c8 stata inaugurata il 30 marzo 2026 a Melbourne la grande mostra \u201cRome: Empire, Power, People\u201d, realizzata dal Melbourne Museum in collaborazione con il Museo Nazionale Romano e il Museo Archeologico di Firenze, con il contributo organizzativo di Contemporanea Progetti. La mostra rappresenta un evento senza precedenti nel panorama culturale australiano. Per la prima volta, [&hellip;]<\/p>\n                                <a title=\"NAUGURATA AL MELBOURNE MUSEUM LA MOSTRA \u201cROME: EMPIRE, POWER, PEOPLE\u201d: L\u2019ANTICA ROMA PROTAGONISTA IN AUSTRALIA.\" class=\"read-more\" href=\"https:\/\/consmelbourne.esteri.it\/it\/news\/dal_consolato\/2026\/04\/naugurata-al-melbourne-museum-la-mostra-rome-empire-power-people-lantica-roma-protagonista-in-australia\/\">\n                                    <span class=\"text\">Leggi di pi\u00f9<\/span>\n                                    <svg class=\"icon\">\n                                    <use xlink:href=\"https:\/\/consmelbourne.esteri.it\/wp-content\/themes\/sedi-tema\/assets\/svg\/sprites.svg#it-arrow-right\"><\/use>\n                                    <\/svg>\n                                <\/a>\n                                                    <\/div>\n                    <\/div>\n                <\/div>\n                <!--end card-->\n                <\/div><!-- col-12 .mt-3-->\n                            <div class=\"col-12 mt-3\">\n                <!--start card-->\n                <div class=\"card-wrapper card-space\">\n                    <div class=\"card card-bg card-big border-bottom-card\">\n                        <div class=\"card-body \">\n                                                        <div class=\"category-top\">\n                                                                                                            <span class=\"\">\n                                        <svg class=\"icon icon-secondary\">\n                                            <use xlink:href=\"https:\/\/consmelbourne.esteri.it\/wp-content\/themes\/sedi-tema\/assets\/svg\/sprites.svg#it-calendar\"><\/use>\n                                        <\/svg> 17 Aprile 2026                                    <\/span>\n                                                                    <\/div>\n                            <h5 class=\"card-title big-heading text-uppercase\"><a class=\"text-body text-decoration-none\" href=\"https:\/\/consmelbourne.esteri.it\/it\/news\/dal_consolato\/2026\/04\/avviso-di-servizio-sospensione-richieste-di-trascrizione-delle-nascite-20-e-21-aprile-2026\/\" title=\"AVVISO DI SERVIZIO &#8211; SOSPENSIONE RICHIESTE DI TRASCRIZIONE DELLE NASCITE 20 E 21 APRILE 2026\">AVVISO DI SERVIZIO &#8211; SOSPENSIONE RICHIESTE DI TRASCRIZIONE DELLE NASCITE 20 E 21 APRILE 2026<\/a><\/h5>\n                            <p class=\"card-text\">\u26a0\ufe0f AVVISO DI SERVIZIO A causa di aggiornamenti ai sistemi informatici del Consolato Generale d&#8217;Italia a Melbourne, da lunedi` 20 a martedi` 21 aprile 2026 non sar\u00e0 possibile ricevere richieste di trascrizione degli atti di nascita per i minori. Il servizio riprender\u00e0 regolarmente a partire da mercoledi` 22 aprile 2026. Ci scusiamo per il disagio [&hellip;]<\/p>\n                                <a title=\"AVVISO DI SERVIZIO &#8211; SOSPENSIONE RICHIESTE DI TRASCRIZIONE DELLE NASCITE 20 E 21 APRILE 2026\" class=\"read-more\" href=\"https:\/\/consmelbourne.esteri.it\/it\/news\/dal_consolato\/2026\/04\/avviso-di-servizio-sospensione-richieste-di-trascrizione-delle-nascite-20-e-21-aprile-2026\/\">\n                                    <span class=\"text\">Leggi di pi\u00f9<\/span>\n                                    <svg class=\"icon\">\n                                    <use xlink:href=\"https:\/\/consmelbourne.esteri.it\/wp-content\/themes\/sedi-tema\/assets\/svg\/sprites.svg#it-arrow-right\"><\/use>\n                                    <\/svg>\n                                <\/a>\n                                                    <\/div>\n                    <\/div>\n                <\/div>\n                <!--end card-->\n                <\/div><!-- col-12 .mt-3-->\n                            <div class=\"col-12 mt-3\">\n                <!--start card-->\n                <div class=\"card-wrapper card-space\">\n                    <div class=\"card card-bg card-big border-bottom-card\">\n                        <div class=\"card-body \">\n                                                        <div class=\"category-top\">\n                                                                                                            <span class=\"\">\n                                        <svg class=\"icon icon-secondary\">\n                                            <use xlink:href=\"https:\/\/consmelbourne.esteri.it\/wp-content\/themes\/sedi-tema\/assets\/svg\/sprites.svg#it-calendar\"><\/use>\n                                        <\/svg> 24 Marzo 2026                                    <\/span>\n                                                                    <\/div>\n                            <h5 class=\"card-title big-heading text-uppercase\"><a class=\"text-body text-decoration-none\" href=\"https:\/\/consmelbourne.esteri.it\/it\/news\/dal_consolato\/2026\/03\/sospensione-servizi-consolari-13-e-14-aprile-2026\/\" title=\"SOSPENSIONE SERVIZI CONSOLARI 13 E 14 APRILE 2026\">SOSPENSIONE SERVIZI CONSOLARI 13 E 14 APRILE 2026<\/a><\/h5>\n                            <p class=\"card-text\">Si comunica che nei giorni 13 e 14 aprile 2026 l&#8217;erogazione dei servizi consolari sar\u00e0 temporaneamente sospesa a causa di aggiornamenti tecnici ai sistemi informatici. Ci scusiamo per il disagio e restiamo a disposizione per qualsiasi ulteriore informazione.<\/p>\n                                <a title=\"SOSPENSIONE SERVIZI CONSOLARI 13 E 14 APRILE 2026\" class=\"read-more\" href=\"https:\/\/consmelbourne.esteri.it\/it\/news\/dal_consolato\/2026\/03\/sospensione-servizi-consolari-13-e-14-aprile-2026\/\">\n                                    <span class=\"text\">Leggi di pi\u00f9<\/span>\n                                    <svg class=\"icon\">\n                                    <use xlink:href=\"https:\/\/consmelbourne.esteri.it\/wp-content\/themes\/sedi-tema\/assets\/svg\/sprites.svg#it-arrow-right\"><\/use>\n                                    <\/svg>\n                                <\/a>\n                                                    <\/div>\n                    <\/div>\n                <\/div>\n                <!--end card-->\n                <\/div><!-- col-12 .mt-3-->\n                            <div class=\"col-12 mt-3\">\n                <!--start card-->\n                <div class=\"card-wrapper card-space\">\n                    <div class=\"card card-bg card-big border-bottom-card\">\n                        <div class=\"card-body \">\n                                                        <div class=\"category-top\">\n                                                                                                            <span class=\"\">\n                                        <svg class=\"icon icon-secondary\">\n                                            <use xlink:href=\"https:\/\/consmelbourne.esteri.it\/wp-content\/themes\/sedi-tema\/assets\/svg\/sprites.svg#it-calendar\"><\/use>\n                                        <\/svg> 6 Marzo 2026                                    <\/span>\n                                                                    <\/div>\n                            <h5 class=\"card-title big-heading text-uppercase\"><a class=\"text-body text-decoration-none\" href=\"https:\/\/consmelbourne.esteri.it\/it\/news\/dal_consolato\/2026\/03\/celebrazioni-festa-della-repubblica-e-attivita-integrata-2026-sponsorizzazioni-proroga-termine-presentazione-manifestazioni-di-interesse\/\" title=\"CELEBRAZIONI FESTA DELLA REPUBBLICA E ATTIVITA&#8217; INTEGRATA 2026 &#8211; SPONSORIZZAZIONI &#8211; PROROGA TERMINE PRESENTAZIONE MANIFESTAZIONI DI INTERESSE\">CELEBRAZIONI FESTA DELLA REPUBBLICA E ATTIVITA&#8217; INTEGRATA 2026 &#8211; SPONSORIZZAZIONI &#8211; PROROGA TERMINE PRESENTAZIONE MANIFESTAZIONI DI INTERESSE<\/a><\/h5>\n                            <p class=\"card-text\">Con riferimento all&#8217;avviso pubblicato il 29 gennaio 2026, relativo alla sponsorizzazione della Festa della Repubblica 2026 ed altre attivit\u00e0 di promozione integrata, il Consolato Generale d&#8217;Italia a Melbourne rende noto che il termine per la presentazione delle manifestazioni di interesse \u00e8 prorogato al 3 aprile 2026.<\/p>\n                                <a title=\"CELEBRAZIONI FESTA DELLA REPUBBLICA E ATTIVITA&#8217; INTEGRATA 2026 &#8211; SPONSORIZZAZIONI &#8211; PROROGA TERMINE PRESENTAZIONE MANIFESTAZIONI DI INTERESSE\" class=\"read-more\" href=\"https:\/\/consmelbourne.esteri.it\/it\/news\/dal_consolato\/2026\/03\/celebrazioni-festa-della-repubblica-e-attivita-integrata-2026-sponsorizzazioni-proroga-termine-presentazione-manifestazioni-di-interesse\/\">\n                                    <span class=\"text\">Leggi di pi\u00f9<\/span>\n                                    <svg class=\"icon\">\n                                    <use xlink:href=\"https:\/\/consmelbourne.esteri.it\/wp-content\/themes\/sedi-tema\/assets\/svg\/sprites.svg#it-arrow-right\"><\/use>\n                                    <\/svg>\n                                <\/a>\n                                                    <\/div>\n                    <\/div>\n                <\/div>\n                <!--end card-->\n                <\/div><!-- col-12 .mt-3-->\n                            <div class=\"col-12 mt-3\">\n                <!--start card-->\n                <div class=\"card-wrapper card-space\">\n                    <div class=\"card card-bg card-big border-bottom-card\">\n                        <div class=\"card-body \">\n                                                        <div class=\"category-top\">\n                                                                                                            <span class=\"\">\n                                        <svg class=\"icon icon-secondary\">\n                                            <use xlink:href=\"https:\/\/consmelbourne.esteri.it\/wp-content\/themes\/sedi-tema\/assets\/svg\/sprites.svg#it-calendar\"><\/use>\n                                        <\/svg> 17 Febbraio 2026                                    <\/span>\n                                                                    <\/div>\n                            <h5 class=\"card-title big-heading text-uppercase\"><a class=\"text-body text-decoration-none\" href=\"https:\/\/consmelbourne.esteri.it\/it\/news\/dal_consolato\/2026\/02\/assunzione-di-funzioni-sig-antonio-gerardo-de-cesare-console-onorario-ditalia-a-hobart-tasmania\/\" title=\"Assunzione di funzioni Sig. Antonio Gerardo De Cesare, Console Onorario d&#8217;Italia a Hobart, Tasmania\">Assunzione di funzioni Sig. Antonio Gerardo De Cesare, Console Onorario d&#8217;Italia a Hobart, Tasmania<\/a><\/h5>\n                            <p class=\"card-text\">In data 16\/02\/2026 il Sig. Antonio Gerardo De Cesare ha assunto l&#8217;incarico di Console Onorario d&#8217;Italia a Hobart, Tasmania. &nbsp; Servizi consolari &#8211; Passaporti Il Console Onorario potr\u00e0 raccogliere le richieste di rilascio del passaporto ogni primo mercoled\u00ec del mese, a partire dal 4 marzo p.v. La ricezione avverr\u00e0 esclusivamente su appuntamento, da riciedere scrivendo [&hellip;]<\/p>\n                                <a title=\"Assunzione di funzioni Sig. Antonio Gerardo De Cesare, Console Onorario d&#8217;Italia a Hobart, Tasmania\" class=\"read-more\" href=\"https:\/\/consmelbourne.esteri.it\/it\/news\/dal_consolato\/2026\/02\/assunzione-di-funzioni-sig-antonio-gerardo-de-cesare-console-onorario-ditalia-a-hobart-tasmania\/\">\n                                    <span class=\"text\">Leggi di pi\u00f9<\/span>\n                                    <svg class=\"icon\">\n                                    <use xlink:href=\"https:\/\/consmelbourne.esteri.it\/wp-content\/themes\/sedi-tema\/assets\/svg\/sprites.svg#it-arrow-right\"><\/use>\n                                    <\/svg>\n                                <\/a>\n                                                    <\/div>\n                    <\/div>\n                <\/div>\n                <!--end card-->\n                <\/div><!-- col-12 .mt-3-->\n                            <div class=\"col-12 mt-3\">\n                <!--start card-->\n                <div class=\"card-wrapper card-space\">\n                    <div class=\"card card-bg card-big border-bottom-card\">\n                        <div class=\"card-body \">\n                                                        <div class=\"category-top\">\n                                                                                                            <span class=\"\">\n                                        <svg class=\"icon icon-secondary\">\n                                            <use xlink:href=\"https:\/\/consmelbourne.esteri.it\/wp-content\/themes\/sedi-tema\/assets\/svg\/sprites.svg#it-calendar\"><\/use>\n                                        <\/svg> 29 Gennaio 2026                                    <\/span>\n                                                                    <\/div>\n                            <h5 class=\"card-title big-heading text-uppercase\"><a class=\"text-body text-decoration-none\" href=\"https:\/\/consmelbourne.esteri.it\/it\/news\/dal_consolato\/2026\/01\/celebrazioni-festa-della-repubblica-e-attivita-integrata-2026-ricerca-sponsorizzazioni\/\" title=\"CELEBRAZIONI FESTA DELLA REPUBBLICA E ATTIVITA\u2019 INTEGRATA 2026 \u2013 RICERCA SPONSORIZZAZIONI\">CELEBRAZIONI FESTA DELLA REPUBBLICA E ATTIVITA\u2019 INTEGRATA 2026 \u2013 RICERCA SPONSORIZZAZIONI<\/a><\/h5>\n                            <p class=\"card-text\">Il Consolato Generale d\u2019Italia a Melbourne, con il presente avviso pubblico e i seguenti allegati, intende procedere alla ricerca di sponsorizzazioni per la realizzazione delle attivit\u00e0 legate alle celebrazioni della Festa della Repubblica 2026 e di eventuali altre attivit\u00e0 di promozione integrata: AVVISO AL PUBBLICO A: MANIFESTAZIONE DI INTERESSE B: DICHIARAZIONE SUI REQUISITI C.1: SCHEMA [&hellip;]<\/p>\n                                <a title=\"CELEBRAZIONI FESTA DELLA REPUBBLICA E ATTIVITA\u2019 INTEGRATA 2026 \u2013 RICERCA SPONSORIZZAZIONI\" class=\"read-more\" href=\"https:\/\/consmelbourne.esteri.it\/it\/news\/dal_consolato\/2026\/01\/celebrazioni-festa-della-repubblica-e-attivita-integrata-2026-ricerca-sponsorizzazioni\/\">\n                                    <span class=\"text\">Leggi di pi\u00f9<\/span>\n                                    <svg class=\"icon\">\n                                    <use xlink:href=\"https:\/\/consmelbourne.esteri.it\/wp-content\/themes\/sedi-tema\/assets\/svg\/sprites.svg#it-arrow-right\"><\/use>\n                                    <\/svg>\n                                <\/a>\n                                                    <\/div>\n                    <\/div>\n                <\/div>\n                <!--end card-->\n                <\/div><!-- col-12 .mt-3-->\n                            <div class=\"col-12 mt-3\">\n                <!--start card-->\n                <div class=\"card-wrapper card-space\">\n                    <div class=\"card card-bg card-big border-bottom-card\">\n                        <div class=\"card-body \">\n                                                        <div class=\"category-top\">\n                                                                                                            <span class=\"\">\n                                        <svg class=\"icon icon-secondary\">\n                                            <use xlink:href=\"https:\/\/consmelbourne.esteri.it\/wp-content\/themes\/sedi-tema\/assets\/svg\/sprites.svg#it-calendar\"><\/use>\n                                        <\/svg> 16 Gennaio 2026                                    <\/span>\n                                                                    <\/div>\n                            <h5 class=\"card-title big-heading text-uppercase\"><a class=\"text-body text-decoration-none\" href=\"https:\/\/consmelbourne.esteri.it\/it\/news\/dal_consolato\/2026\/01\/referendum-costituzionale-confermativo-dei-giorni-22-e-23-marzo-2026\/\" title=\"REFERENDUM COSTITUZIONALE CONFERMATIVO DEI GIORNI  22 e 23 marzo 2026\">REFERENDUM COSTITUZIONALE CONFERMATIVO DEI GIORNI  22 e 23 marzo 2026<\/a><\/h5>\n                            <p class=\"card-text\">VOTO PER CORRISPONDENZA DEI CITTADINI ITALIANI ALL\u2019ESTERO E OPZIONE PER IL VOTO IN ITALIA Con decreto del Presidente della Repubblica del 13\/01\/2026, pubblicato nella Gazzetta Ufficiale del 14\/01\/2026, \u00e8 stata fissata nei giorni 22 e 23 MARZO 2026 la data del referendum ex art. 138 della Costituzione per la modifica di alcuni articoli della Costituzione [&hellip;]<\/p>\n                                <a title=\"REFERENDUM COSTITUZIONALE CONFERMATIVO DEI GIORNI  22 e 23 marzo 2026\" class=\"read-more\" href=\"https:\/\/consmelbourne.esteri.it\/it\/news\/dal_consolato\/2026\/01\/referendum-costituzionale-confermativo-dei-giorni-22-e-23-marzo-2026\/\">\n                                    <span class=\"text\">Leggi di pi\u00f9<\/span>\n                                    <svg class=\"icon\">\n                                    <use xlink:href=\"https:\/\/consmelbourne.esteri.it\/wp-content\/themes\/sedi-tema\/assets\/svg\/sprites.svg#it-arrow-right\"><\/use>\n                                    <\/svg>\n                                <\/a>\n                                                    <\/div>\n                    <\/div>\n                <\/div>\n                <!--end card-->\n                <\/div><!-- col-12 .mt-3-->\n                            <div class=\"col-12 mt-3\">\n                <!--start card-->\n                <div class=\"card-wrapper card-space\">\n                    <div class=\"card card-bg card-big border-bottom-card\">\n                        <div class=\"card-body \">\n                                                        <div class=\"category-top\">\n                                                                                                            <span class=\"\">\n                                        <svg class=\"icon icon-secondary\">\n                                            <use xlink:href=\"https:\/\/consmelbourne.esteri.it\/wp-content\/themes\/sedi-tema\/assets\/svg\/sprites.svg#it-calendar\"><\/use>\n                                        <\/svg> 5 Gennaio 2026                                    <\/span>\n                                                                    <\/div>\n                            <h5 class=\"card-title big-heading text-uppercase\"><a class=\"text-body text-decoration-none\" href=\"https:\/\/consmelbourne.esteri.it\/it\/news\/dal_consolato\/2026\/01\/registrazione-degli-atti-di-nascita-figli-minorenni\/\" title=\"Registrazione degli atti di nascita (figli minorenni) &#8211; Modifiche dell&#8217;art. 4, comma 1-bis, lettera b) della Legge n. 91\/1992\">Registrazione degli atti di nascita (figli minorenni) &#8211; Modifiche dell&#8217;art. 4, comma 1-bis, lettera b) della Legge n. 91\/1992<\/a><\/h5>\n                            <p class=\"card-text\">La legge di bilancio per l\u2019anno 2026 ha introdotto alcune modifiche alla legge sulla cittadinanza, in particolare per beneficio di legge. A\u00a0partire dal 1\u00b0 gennaio 2026, le istanze e le relative dichiarazioni rese dai genitori \u2013 di cui almeno uno cittadino per nascita \u2013 di minori nati all\u2019estero che non acquisiscano automaticamente la cittadinanza italiana, [&hellip;]<\/p>\n                                <a title=\"Registrazione degli atti di nascita (figli minorenni) &#8211; Modifiche dell&#8217;art. 4, comma 1-bis, lettera b) della Legge n. 91\/1992\" class=\"read-more\" href=\"https:\/\/consmelbourne.esteri.it\/it\/news\/dal_consolato\/2026\/01\/registrazione-degli-atti-di-nascita-figli-minorenni\/\">\n                                    <span class=\"text\">Leggi di pi\u00f9<\/span>\n                                    <svg class=\"icon\">\n                                    <use xlink:href=\"https:\/\/consmelbourne.esteri.it\/wp-content\/themes\/sedi-tema\/assets\/svg\/sprites.svg#it-arrow-right\"><\/use>\n                                    <\/svg>\n                                <\/a>\n                                                    <\/div>\n                    <\/div>\n                <\/div>\n                <!--end card-->\n                <\/div><!-- col-12 .mt-3-->\n                            <div class=\"col-12 mt-3\">\n                <!--start card-->\n                <div class=\"card-wrapper card-space\">\n                    <div class=\"card card-bg card-big border-bottom-card\">\n                        <div class=\"card-body \">\n                                                        <div class=\"category-top\">\n                                                                                                            <span class=\"\">\n                                        <svg class=\"icon icon-secondary\">\n                                            <use xlink:href=\"https:\/\/consmelbourne.esteri.it\/wp-content\/themes\/sedi-tema\/assets\/svg\/sprites.svg#it-calendar\"><\/use>\n                                        <\/svg> 4 Dicembre 2025                                    <\/span>\n                                                                    <\/div>\n                            <h5 class=\"card-title big-heading text-uppercase\"><a class=\"text-body text-decoration-none\" href=\"https:\/\/consmelbourne.esteri.it\/it\/news\/dal_consolato\/2025\/12\/la-settimana-della-cucina-italiana-nel-mondo-si-e-conclusa-sabato-29-novembre-2025\/\" title=\"La Settimana della Cucina Italiana nel Mondo si \u00e8 conclusa sabato 29 novembre 2025\">La Settimana della Cucina Italiana nel Mondo si \u00e8 conclusa sabato 29 novembre 2025<\/a><\/h5>\n                            <p class=\"card-text\">Sabato 29 novembre 2025, la Camera di Commercio Italiana in Australia (Victoria e Tasmania), in collaborazione con il Consolato Generale d\u2019Italia e l\u2019Istituto Italiano di Cultura di Melbourne, ha ospitato la Italian Business Awards Gala, evento di chiusura della X edizione della Settimana della Cucina Italiana nel Mondo. Il Gala rappresenta uno degli appuntamenti annuali [&hellip;]<\/p>\n                                <a title=\"La Settimana della Cucina Italiana nel Mondo si \u00e8 conclusa sabato 29 novembre 2025\" class=\"read-more\" href=\"https:\/\/consmelbourne.esteri.it\/it\/news\/dal_consolato\/2025\/12\/la-settimana-della-cucina-italiana-nel-mondo-si-e-conclusa-sabato-29-novembre-2025\/\">\n                                    <span class=\"text\">Leggi di pi\u00f9<\/span>\n                                    <svg class=\"icon\">\n                                    <use xlink:href=\"https:\/\/consmelbourne.esteri.it\/wp-content\/themes\/sedi-tema\/assets\/svg\/sprites.svg#it-arrow-right\"><\/use>\n                                    <\/svg>\n                                <\/a>\n                                                    <\/div>\n                    <\/div>\n                <\/div>\n                <!--end card-->\n                <\/div><!-- col-12 .mt-3-->\n            \n            <div class=\"col-md-12 mt-4 pb-4\">\n                <nav class=\"navigation col-md-12\" aria-label=\"Navigation\">\n                    <h2 class=\"screen-reader-text visually-hidden\">Paginazione<\/h2>\n                    <div class=\"nav-links\">\n                    <span aria-current=\"page\" class=\"page-numbers current\">1<\/span>\n<a class=\"page-numbers\" href=\"https:\/\/consmelbourne.esteri.it\/it\/wp-json\/wp\/v2\/pages\/53\/?pag=2\">2<\/a>\n<a class=\"page-numbers\" href=\"https:\/\/consmelbourne.esteri.it\/it\/wp-json\/wp\/v2\/pages\/53\/?pag=3\">3<\/a>\n<span class=\"page-numbers dots\">&hellip;<\/span>\n<a class=\"page-numbers\" href=\"https:\/\/consmelbourne.esteri.it\/it\/wp-json\/wp\/v2\/pages\/53\/?pag=34\">34<\/a>\n<a class=\"next page-numbers\" href=\"https:\/\/consmelbourne.esteri.it\/it\/wp-json\/wp\/v2\/pages\/53\/?pag=2\"><svg class=\"icon icon-primary\"><use xlink:href=\"https:\/\/consmelbourne.esteri.it\/wp-content\/themes\/sedi-tema\/assets\/svg\/sprites.svg#it-chevron-right\"><\/use><\/svg>\n                                    <span class=\"visually-hidden\">Pagina successiva<\/span><\/a>                    <\/div>\n                <\/nav>\n            <\/div>   <!--.col-md-12 -->\n              <\/div><!--.row -->\n              \n","protected":false},"excerpt":{"rendered":"","protected":false},"author":3,"featured_media":0,"parent":26,"menu_order":0,"comment_status":"closed","ping_status":"closed","template":"","meta":{"footnotes":""},"class_list":["post-53","page","type-page","status-publish","hentry"],"_links":{"self":[{"href":"https:\/\/consmelbourne.esteri.it\/it\/wp-json\/wp\/v2\/pages\/53","targetHints":{"allow":["GET"]}}],"collection":[{"href":"https:\/\/consmelbourne.esteri.it\/it\/wp-json\/wp\/v2\/pages"}],"about":[{"href":"https:\/\/consmelbourne.esteri.it\/it\/wp-json\/wp\/v2\/types\/page"}],"author":[{"embeddable":true,"href":"https:\/\/consmelbourne.esteri.it\/it\/wp-json\/wp\/v2\/users\/3"}],"replies":[{"embeddable":true,"href":"https:\/\/consmelbourne.esteri.it\/it\/wp-json\/wp\/v2\/comments?post=53"}],"version-history":[{"count":4,"href":"https:\/\/consmelbourne.esteri.it\/it\/wp-json\/wp\/v2\/pages\/53\/revisions"}],"predecessor-version":[{"id":68,"href":"https:\/\/consmelbourne.esteri.it\/it\/wp-json\/wp\/v2\/pages\/53\/revisions\/68"}],"up":[{"embeddable":true,"href":"https:\/\/consmelbourne.esteri.it\/it\/wp-json\/wp\/v2\/pages\/26"}],"wp:attachment":[{"href":"https:\/\/consmelbourne.esteri.it\/it\/wp-json\/wp\/v2\/media?parent=53"}],"curies":[{"name":"wp","href":"https:\/\/api.w.org\/{rel}","templated":true}]}}